{"id":18574,"date":"2019-09-19T11:31:19","date_gmt":"2019-09-19T09:31:19","guid":{"rendered":"https:\/\/www.emmanuelastier.com\/?page_id=18574"},"modified":"2019-09-19T11:32:55","modified_gmt":"2019-09-19T09:32:55","slug":"diapasons-energetiques","status":"publish","type":"page","link":"https:\/\/www.emmanuelastier.com\/index.php\/diapasons-energetiques\/","title":{"rendered":"Diapasons \u00e9nerg\u00e9tiques"},"content":{"rendered":"\n<div class=\"wp-block-image\"><figure class=\"aligncenter is-resized\"><img data-recalc-dims=\"1\" loading=\"lazy\" decoding=\"async\" data-attachment-id=\"18575\" data-permalink=\"https:\/\/www.emmanuelastier.com\/index.php\/diapasons-energetiques\/diapasons-vibratoires\/\" data-orig-file=\"https:\/\/i0.wp.com\/www.emmanuelastier.com\/wp-content\/uploads\/2019\/09\/diapasons-vibratoires.jpg?fit=132%2C122&amp;ssl=1\" data-orig-size=\"132,122\" data-comments-opened=\"1\" data-image-meta=\"{&quot;aperture&quot;:&quot;3.2&quot;,&quot;credit&quot;:&quot;&quot;,&quot;camera&quot;:&quot;DSC-H5&quot;,&quot;caption&quot;:&quot;&quot;,&quot;created_timestamp&quot;:&quot;1232987117&quot;,&quot;copyright&quot;:&quot;&quot;,&quot;focal_length&quot;:&quot;8.4&quot;,&quot;iso&quot;:&quot;160&quot;,&quot;shutter_speed&quot;:&quot;0.02&quot;,&quot;title&quot;:&quot;&quot;,&quot;orientation&quot;:&quot;1&quot;}\" data-image-title=\"diapasons vibratoires\" data-image-description=\"\" data-image-caption=\"\" data-large-file=\"https:\/\/i0.wp.com\/www.emmanuelastier.com\/wp-content\/uploads\/2019\/09\/diapasons-vibratoires.jpg?fit=132%2C122&amp;ssl=1\" src=\"https:\/\/i0.wp.com\/www.emmanuelastier.com\/wp-content\/uploads\/2019\/09\/diapasons-vibratoires.jpg?resize=223%2C206&#038;ssl=1\" alt=\"\" class=\"wp-image-18575\" width=\"223\" height=\"206\"\/><\/figure><\/div>\n\n\n\n<p><strong>Les\ndiapasons \u00e9nerg\u00e9tiques<\/strong><\/p>\n\n\n\n<p>Le\nToucher par le Son est bas\u00e9 sur la bio-r\u00e9sonance corporelle du son\net sur son ressenti vibratoire. La pratique du Toucher par le Son\nconcerne la dimension auditive de la perception sonore et inclut en\ncompl\u00e9ment la perception cutan\u00e9e, sous-cutan\u00e9e, intra-corporelle\net \u00e9nerg\u00e9tique des vibrations.&nbsp;<\/p>\n\n\n\n<p>Il\ns&rsquo;agit d&rsquo;une technique visant \u00e0 utiliser les sons \u00e0 des fins de\nbien \u00eatre  et th\u00e9rapeutiques, en particulier dans le soulagement\ndes souffrances, l&rsquo;harmonisation, l&rsquo;autogu\u00e9rison et la th\u00e9rapie\n\u00e9nerg\u00e9tique.&nbsp; C&rsquo;est une discipline existant depuis 20 ans,\nissue de recherches, utilisant avant tout le son et les fr\u00e9quences\ncomme vibrations mol\u00e9culaires. \n<\/p>\n\n\n\n<p>Le\nson ou la musique sont dits \u00ab curatifs \u00bb, dans la mesure o\u00f9 il\nexiste une r\u00e9sonance entre des fr\u00e9quences sonores (audibles ou non)\net l&rsquo;\u00e9tat vibratoire (mol\u00e9culaire) d&rsquo;une personne, de ses organes\nou pathologies (virus, parasites et autres).<\/p>\n\n\n\n<p>Cette\npratique th\u00e9rapeutique  se pratique \u00e0 l&rsquo;aide de diapasons\n\u00e9nerg\u00e9tiques vibratoires de fr\u00e9quences HZ. Sont stimul\u00e9s ainsi \nla structure osseuse, les plexus neuro-glandulaires, appel\u00e9s\n\u00e9galement chakras, les organes, muscles, tendons, nerfs, les\ncellules, mol\u00e9cules et atomes qui nous constituent. \n<\/p>\n\n\n\n<p>Les\ndiapasons sont pos\u00e9s \u00e0 diff\u00e9rents endroits du corps et pour\ncertains plac\u00e9s en \u00e9coute aux oreilles. Les cristaux et huiles\nessentielles peuvent venir accompagner harmonieusement les diapasons.\n\n<\/p>\n\n\n\n<p>L&rsquo;acupuncture\npar le son est originaire de la M\u00e9decine Chinoise traditionnelle.\nLes points d&rsquo;acupuncture se trouvent sur des \u00ab\u00a0m\u00e9ridiens\u00a0\u00bb &#8211;\nles lignes \u00e9nerg\u00e9tiques du corps. Les m\u00e9ridiens repr\u00e9sentent le\nsyst\u00e8me d&rsquo;information \u00e9nerg\u00e9tiques du corps. Ce syst\u00e8me peut\nmontrer des d\u00e9s\u00e9quilibres&nbsp; &nbsp;qui m\u00e8nent aux troubles de\nla sant\u00e9.<\/p>\n\n\n\n<p>Le diapason\nest pos\u00e9 directement sur le corps ou juste \u00e0 quelques centimetres\ndu corps selon le travail recherch\u00e9 . Chaque diapason correspond \u00e0\nune fr\u00e9quence sp\u00e9cifique qui sera volontairement choisi par le\nth\u00e9rapeute selon la modification \u00e0 effectuer. \n<\/p>\n\n\n\n<p>Les\nvibrations douces &nbsp;\u00e9mises apr le diapason trouvent leur chemin\nautomatiquement, se r\u00e9pandent dans la partie du corps souhait\u00e9, et\nenvoient une information \u00e0 la cellule.<\/p>\n\n\n\n<p>L&rsquo;oscillation\n&nbsp;am\u00e8ne \u00e0 une respiration lib\u00e9ratrice et profonde.<\/p>\n\n\n\n<p>&nbsp;Les\nDiapasons \u00e9mettent des fr\u00e9quences universelles.<\/p>\n\n\n\n<p>Ces\nfr\u00e9quences sont les puissances accoustiques de notre environnement\nnaturel. \n<\/p>\n\n\n\n<p><em>Les\nnouvelles recherches en m\u00e9decine et en physique d\u00e9montrent que\nl\u2019\u00eatre humain est construit \u00e0 l\u2019image de l\u2019univers vibrant et\nque les vibrations caract\u00e9risent tout ce qui nous constitue. Nos\natomes, mol\u00e9cules, cellules vibrent et sonnent. Les \u00e9changes\ncellulaires et mol\u00e9culaires sont acoustiques quant \u00e0 eux \u00e9galement\net ce, dans la gamme audible. L\u2019influx nerveux est lui aussi\nsonore, etc. La Musique des Sph\u00e8res est donc aussi \u00e0 l&rsquo;int\u00e9rieur\nde nous!<\/em><\/p>\n\n\n\n<p><em>Nous\nsommes microcosme vibrant int\u00e9gr\u00e9s au macrocosme vibrant, id\u00e9e\nlargement diffus\u00e9e dans la Tradition gr\u00e2ce \u00e0 Pythagore&#8230;et\nr\u00e9affirm\u00e9 aujourd&rsquo;hui aux yeux entre autres de la physique\nquantique.<\/em><\/p>\n\n\n\n<p><em>Aussi,\nil est facile d\u2019exp\u00e9rimenter comment 2 diapasons accord\u00e9s \u00e0\nl\u2019unisson peuvent entrer en r\u00e9sonance l\u2019un et l\u2019autre apr\u00e8s\nqu\u2019un seul d\u2019entre eux ait \u00e9t\u00e9 mis en vibration.<\/em><\/p>\n\n\n\n<p><em>Si l\u2019on consid\u00e8re que tout ce qui est en nous vibre, il est ais\u00e9 de se visualiser soi m\u00eame comme un diapason&#8230; biologique. C\u2019est l\u00e0 que prend place la m\u00e9taphore du diapason int\u00e9rieur \u00e0 la foi unique car nous sommes UN ou UNE et multiple aussi dans notre dimension fractale et harmonique.<\/em><\/p>\n\n\n\n\n<div class=\"wpcf7 no-js\" id=\"wpcf7-f12236-o1\" lang=\"fr-FR\" dir=\"ltr\" data-wpcf7-id=\"12236\">\n<div class=\"screen-reader-response\"><p role=\"status\" aria-live=\"polite\" aria-atomic=\"true\"><\/p> <ul><\/ul><\/div>\n<form action=\"\/index.php\/wp-json\/wp\/v2\/pages\/18574#wpcf7-f12236-o1\" method=\"post\" class=\"wpcf7-form init\" aria-label=\"Formulaire de contact\" novalidate=\"novalidate\" data-status=\"init\">\n<fieldset class=\"hidden-fields-container\"><input type=\"hidden\" name=\"_wpcf7\" value=\"12236\" \/><input type=\"hidden\" name=\"_wpcf7_version\" value=\"6.1.5\" \/><input type=\"hidden\" name=\"_wpcf7_locale\" value=\"fr_FR\" \/><input type=\"hidden\" name=\"_wpcf7_unit_tag\" value=\"wpcf7-f12236-o1\" \/><input type=\"hidden\" name=\"_wpcf7_container_post\" value=\"0\" \/><input type=\"hidden\" name=\"_wpcf7_posted_data_hash\" value=\"\" \/><input type=\"hidden\" name=\"_wpcf7_recaptcha_response\" value=\"\" \/>\n<\/fieldset>\n<p><label> Votre nom (obligatoire)<br \/>\n<span class=\"wpcf7-form-control-wrap\" data-name=\"your-name\"><input size=\"40\" maxlength=\"400\" class=\"wpcf7-form-control wpcf7-text wpcf7-validates-as-required\" aria-required=\"true\" aria-invalid=\"false\" value=\"\" type=\"text\" name=\"your-name\" \/><\/span> <\/label>\n<\/p>\n<p><label> Votre adresse de messagerie (obligatoire)<br \/>\n<span class=\"wpcf7-form-control-wrap\" data-name=\"your-email\"><input size=\"40\" maxlength=\"400\" class=\"wpcf7-form-control wpcf7-email wpcf7-validates-as-required wpcf7-text wpcf7-validates-as-email\" aria-required=\"true\" aria-invalid=\"false\" value=\"\" type=\"email\" name=\"your-email\" \/><\/span> <\/label>\n<\/p>\n<p><label> Objet<br \/>\n<span class=\"wpcf7-form-control-wrap\" data-name=\"your-subject\"><input size=\"40\" maxlength=\"400\" class=\"wpcf7-form-control wpcf7-text\" aria-invalid=\"false\" value=\"\" type=\"text\" name=\"your-subject\" \/><\/span> <\/label>\n<\/p>\n<p><label> Votre message<br \/>\n<span class=\"wpcf7-form-control-wrap\" data-name=\"your-message\"><textarea cols=\"40\" rows=\"10\" maxlength=\"2000\" class=\"wpcf7-form-control wpcf7-textarea\" aria-invalid=\"false\" name=\"your-message\"><\/textarea><\/span> <\/label>\n<\/p>\n<p><span class=\"wpcf7-form-control-wrap\" data-name=\"Mercidecocherlacasesivousacceptezdevousinscrire\"><span class=\"wpcf7-form-control wpcf7-checkbox wpcf7-validates-as-required\"><\/span><\/span>\n<\/p>\n<p><span class=\"wpcf7-form-control-wrap\" data-name=\"acceptance-345\"><span class=\"wpcf7-form-control wpcf7-acceptance\"><span class=\"wpcf7-list-item\"><label><input type=\"checkbox\" name=\"acceptance-345\" value=\"1\" checked=\"checked\" aria-invalid=\"false\" \/><span class=\"wpcf7-list-item-label\">Merci de cocher cette case pour \u00eatre en conformit\u00e9 avec la l\u00e9gislation RGPD<\/span><\/label><\/span><\/span><\/span>\n<\/p>\n\n<p><input class=\"wpcf7-form-control wpcf7-submit has-spinner\" type=\"submit\" value=\"Envoyer\" \/>\n<\/p><p style=\"display: none !important;\" class=\"akismet-fields-container\" data-prefix=\"_wpcf7_ak_\"><label>&#916;<textarea name=\"_wpcf7_ak_hp_textarea\" cols=\"45\" rows=\"8\" maxlength=\"100\"><\/textarea><\/label><input type=\"hidden\" id=\"ak_js_1\" name=\"_wpcf7_ak_js\" value=\"213\"\/><script type=\"text\/javascript\">\n\/* <![CDATA[ *\/\ndocument.getElementById( \"ak_js_1\" ).setAttribute( \"value\", ( new Date() ).getTime() );\n\/* ]]> *\/\n<\/script>\n<\/p><div class=\"wpcf7-response-output\" aria-hidden=\"true\"><\/div>\n<\/form>\n<\/div>\n\n","protected":false},"excerpt":{"rendered":"<p>Les diapasons \u00e9nerg\u00e9tiques Le Toucher par le Son est bas\u00e9 sur la bio-r\u00e9sonance corporelle du son et sur son ressenti vibratoire. La pratique du Toucher par le Son concerne la dimension auditive de la perception sonore et inclut en compl\u00e9ment&hellip; <\/p>\n","protected":false},"author":1,"featured_media":18575,"parent":0,"menu_order":0,"comment_status":"closed","ping_status":"closed","template":"","meta":{"_uag_custom_page_level_css":"","_mbp_gutenberg_autopost":false,"jetpack_post_was_ever_published":false,"footnotes":""},"class_list":["post-18574","page","type-page","status-publish","has-post-thumbnail","hentry"],"uagb_featured_image_src":{"full":["https:\/\/i0.wp.com\/www.emmanuelastier.com\/wp-content\/uploads\/2019\/09\/diapasons-vibratoires.jpg?fit=132%2C122&ssl=1",132,122,false],"thumbnail":["https:\/\/i0.wp.com\/www.emmanuelastier.com\/wp-content\/uploads\/2019\/09\/diapasons-vibratoires.jpg?resize=132%2C122&ssl=1",132,122,true],"medium":["https:\/\/i0.wp.com\/www.emmanuelastier.com\/wp-content\/uploads\/2019\/09\/diapasons-vibratoires.jpg?fit=132%2C122&ssl=1",132,122,true],"medium_large":["https:\/\/i0.wp.com\/www.emmanuelastier.com\/wp-content\/uploads\/2019\/09\/diapasons-vibratoires.jpg?fit=132%2C122&ssl=1",132,122,true],"large":["https:\/\/i0.wp.com\/www.emmanuelastier.com\/wp-content\/uploads\/2019\/09\/diapasons-vibratoires.jpg?fit=132%2C122&ssl=1",132,122,true],"1536x1536":["https:\/\/i0.wp.com\/www.emmanuelastier.com\/wp-content\/uploads\/2019\/09\/diapasons-vibratoires.jpg?fit=132%2C122&ssl=1",132,122,true],"2048x2048":["https:\/\/i0.wp.com\/www.emmanuelastier.com\/wp-content\/uploads\/2019\/09\/diapasons-vibratoires.jpg?fit=132%2C122&ssl=1",132,122,true],"pgmb-post-image":["https:\/\/i0.wp.com\/www.emmanuelastier.com\/wp-content\/uploads\/2019\/09\/diapasons-vibratoires.jpg?resize=132%2C122&ssl=1",132,122,true],"travelify-featured":["https:\/\/i0.wp.com\/www.emmanuelastier.com\/wp-content\/uploads\/2019\/09\/diapasons-vibratoires.jpg?resize=132%2C122&ssl=1",132,122,true],"travelify-featured-medium":["https:\/\/i0.wp.com\/www.emmanuelastier.com\/wp-content\/uploads\/2019\/09\/diapasons-vibratoires.jpg?resize=132%2C122&ssl=1",132,122,true],"travelify-slider":["https:\/\/i0.wp.com\/www.emmanuelastier.com\/wp-content\/uploads\/2019\/09\/diapasons-vibratoires.jpg?resize=132%2C122&ssl=1",132,122,true],"travelify-gallery":["https:\/\/i0.wp.com\/www.emmanuelastier.com\/wp-content\/uploads\/2019\/09\/diapasons-vibratoires.jpg?resize=132%2C122&ssl=1",132,122,true],"woocommerce_thumbnail":["https:\/\/i0.wp.com\/www.emmanuelastier.com\/wp-content\/uploads\/2019\/09\/diapasons-vibratoires.jpg?fit=132%2C122&ssl=1",132,122,true],"woocommerce_single":["https:\/\/i0.wp.com\/www.emmanuelastier.com\/wp-content\/uploads\/2019\/09\/diapasons-vibratoires.jpg?fit=132%2C122&ssl=1",132,122,true],"woocommerce_gallery_thumbnail":["https:\/\/i0.wp.com\/www.emmanuelastier.com\/wp-content\/uploads\/2019\/09\/diapasons-vibratoires.jpg?resize=100%2C100&ssl=1",100,100,true]},"uagb_author_info":{"display_name":"emmanuelastier37","author_link":"https:\/\/www.emmanuelastier.com\/index.php\/author\/emmanuelastier37\/"},"uagb_comment_info":0,"uagb_excerpt":"Les diapasons \u00e9nerg\u00e9tiques Le Toucher par le Son est bas\u00e9 sur la bio-r\u00e9sonance corporelle du son et sur son ressenti vibratoire. La pratique du Toucher par le Son concerne la dimension auditive de la perception sonore et inclut en compl\u00e9ment&hellip;","jetpack_sharing_enabled":true,"jetpack_shortlink":"https:\/\/wp.me\/P6uLbm-4PA","jetpack-related-posts":[{"id":224,"url":"https:\/\/www.emmanuelastier.com\/index.php\/therapies-energetiques\/","url_meta":{"origin":18574,"position":0},"title":"Th\u00e9rapies \u00c9nerg\u00e9tiques","author":"emmanuelastier37","date":"22 juillet 2015","format":false,"excerpt":"\u00a0 La Bio-\u00e9nerg\u00e9tique est la synth\u00e8se de l'ensemble des th\u00e9rapies \u00e9nerg\u00e9tiques destin\u00e9es au bien-\u00eatre de l'\u00eatre humain. Elle exclue toute pratique non v\u00e9rifiable ou \u00e0 d\u00e9rive sectaire. La Bio-\u00e9nerg\u00e9tique permet de rechercher en profondeur la v\u00e9ritable origine des troubles dont nous souffrons. Les tensions int\u00e9rieures. Les sympt\u00f4mes ne sont que\u2026","rel":"","context":"Article similaire","block_context":{"text":"Article similaire","link":""},"img":{"alt_text":"association fran\u00e7aise de bioenergie","src":"https:\/\/i0.wp.com\/www.emmanuelastier.com\/wp-content\/uploads\/2015\/07\/association-fran%C3%A7aise-de-bioenergie.jpg?resize=350%2C200&ssl=1","width":350,"height":200},"classes":[]},{"id":25335,"url":"https:\/\/www.emmanuelastier.com\/index.php\/bien-etre-par-lharmonisation-energetique-grace-aux-diapasons-vibratoires\/","url_meta":{"origin":18574,"position":1},"title":"Bien \u00eatre par l\u2019Harmonisation \u00e9nerg\u00e9tique gr\u00e2ce aux Diapasons vibratoires \u00a0\u00a9","author":"emmanuelastier37","date":"26 novembre 2024","format":false,"excerpt":"Fort de plus de 20 ans de pratique holistique du Bien \u00eatre et de la sant\u00e9 au naturel, Emmanuel ASTIER, Naturopathe (PhD Naturopathy uk ). D\u00e9couvrez une technique de relaxation et de bien \u00eatre \u00e9nerg\u00e9tique issue des traditions natives de l\u2019humanit\u00e9 se pratiquant allong\u00e9, sans d\u00e9shabillage encore pratiqu\u00e9e aujourd\u2019hui partout\u2026","rel":"","context":"Article similaire","block_context":{"text":"Article similaire","link":""},"img":{"alt_text":"","src":"https:\/\/i0.wp.com\/www.emmanuelastier.com\/wp-content\/uploads\/2024\/11\/image-2.png?resize=350%2C200&ssl=1","width":350,"height":200,"srcset":"https:\/\/i0.wp.com\/www.emmanuelastier.com\/wp-content\/uploads\/2024\/11\/image-2.png?resize=350%2C200&ssl=1 1x, https:\/\/i0.wp.com\/www.emmanuelastier.com\/wp-content\/uploads\/2024\/11\/image-2.png?resize=525%2C300&ssl=1 1.5x, https:\/\/i0.wp.com\/www.emmanuelastier.com\/wp-content\/uploads\/2024\/11\/image-2.png?resize=700%2C400&ssl=1 2x"},"classes":[]},{"id":25346,"url":"https:\/\/www.emmanuelastier.com\/index.php\/bien-etre-par-lharmonisation-energetique-grace-au-magnetisme\/","url_meta":{"origin":18574,"position":2},"title":"Bien \u00eatre par l\u2019Harmonisation \u00e9nerg\u00e9tique gr\u00e2ce au Magn\u00e9tisme \u00a0\u00a9","author":"emmanuelastier37","date":"26 novembre 2024","format":false,"excerpt":"Fort de plus de 20 ans de pratique holistique du Bien \u00eatre et de la sant\u00e9 au naturel, Emmanuel ASTIER, Naturopathe (PhD Naturopathy uk ). D\u00e9couvrez une technique de relaxation et de bien \u00eatre \u00e9nerg\u00e9tique issue des traditions natives de l\u2019humanit\u00e9 se pratiquant allong\u00e9 ou pas , sans d\u00e9shabillage encore\u2026","rel":"","context":"Article similaire","block_context":{"text":"Article similaire","link":""},"img":{"alt_text":"","src":"https:\/\/i0.wp.com\/www.emmanuelastier.com\/wp-content\/uploads\/2024\/11\/magnetisme-3.jpeg?resize=350%2C200&ssl=1","width":350,"height":200,"srcset":"https:\/\/i0.wp.com\/www.emmanuelastier.com\/wp-content\/uploads\/2024\/11\/magnetisme-3.jpeg?resize=350%2C200&ssl=1 1x, https:\/\/i0.wp.com\/www.emmanuelastier.com\/wp-content\/uploads\/2024\/11\/magnetisme-3.jpeg?resize=525%2C300&ssl=1 1.5x, https:\/\/i0.wp.com\/www.emmanuelastier.com\/wp-content\/uploads\/2024\/11\/magnetisme-3.jpeg?resize=700%2C400&ssl=1 2x"},"classes":[]},{"id":25343,"url":"https:\/\/www.emmanuelastier.com\/index.php\/bien-etre-par-lharmonisation-energetique-grace-a-la-radiesthesie\/","url_meta":{"origin":18574,"position":3},"title":"Bien \u00eatre par l\u2019Harmonisation \u00e9nerg\u00e9tique gr\u00e2ce \u00e0 la Radiesth\u00e9sie \u00a0\u00a9","author":"emmanuelastier37","date":"26 novembre 2024","format":false,"excerpt":"Fort de plus de 20 ans de pratique holistique du Bien \u00eatre et de la sant\u00e9 au naturel, Emmanuel ASTIER, Naturopathe (PhD Naturopathy uk ). D\u00e9couvrez une technique \u00e9nerg\u00e9tique issue des traditions natives de l\u2019humanit\u00e9 encore pratiqu\u00e9e aujourd\u2019hui partout dans le monde au sein de la cellule familiale comme en\u2026","rel":"","context":"Article similaire","block_context":{"text":"Article similaire","link":""},"img":{"alt_text":"","src":"https:\/\/i0.wp.com\/www.emmanuelastier.com\/wp-content\/uploads\/2024\/11\/radiesthesie1.jpg?resize=350%2C200&ssl=1","width":350,"height":200},"classes":[]},{"id":26120,"url":"https:\/\/www.emmanuelastier.com\/index.php\/motifs-de-consultation-accompagnement-global-du-bien-etre-a-tours-et-amboise\/","url_meta":{"origin":18574,"position":4},"title":"Motifs de consultation \u2013 Accompagnement global du bien-\u00eatre \u00e0 Tours et Amboise","author":"emmanuelastier37","date":"29 janvier 2026","format":false,"excerpt":"Vous souhaitez retrouver plus de calme, de vitalit\u00e9 ou de clart\u00e9 int\u00e9rieure ?Avec plus de 30 ans d\u2019exp\u00e9rience en naturopathie, sophrologie, hypnose et accompagnement \u00e9nerg\u00e9tique, je vous propose des s\u00e9ances personnalis\u00e9es \u00e0 Tours, Amboise ou \u00e0 distance pour vous aider \u00e0 : apaiser le stress et la surcharge mentale, retrouver\u2026","rel":"","context":"Article similaire","block_context":{"text":"Article similaire","link":""},"img":{"alt_text":"nouveau cabinet \u00e0 Tours","src":"https:\/\/i0.wp.com\/www.emmanuelastier.com\/wp-content\/uploads\/2025\/12\/panorama_cabinets_astier-1024x572.jpg?resize=350%2C200&ssl=1","width":350,"height":200},"classes":[]},{"id":25326,"url":"https:\/\/www.emmanuelastier.com\/index.php\/bien-etre-par-lharmonisation-energetique-grace-aux-bougies-thermo-auriculaires\/","url_meta":{"origin":18574,"position":5},"title":"Bien \u00eatre par l\u2019Harmonisation \u00e9nerg\u00e9tique gr\u00e2ce aux Bougies thermo auriculaires","author":"emmanuelastier37","date":"26 novembre 2024","format":false,"excerpt":"Fort de plus de 20 ans de pratique holistique du Bien \u00eatre et de la sant\u00e9 au naturel, Emmanuel ASTIER, Naturopathe (PhD Naturopathy uk ). Auteur du livre \u00ab\u00a0Bougies thermo-auriculaires\u00a0\u00bb \"ouvrage Best seller\" aux \u00e9ditions BoD, vous propose une formation d\u2019initiation issu de son exp\u00e9rience europ\u00e9enne. D\u00e9couvrez une technique de\u2026","rel":"","context":"Article similaire","block_context":{"text":"Article similaire","link":""},"img":{"alt_text":"","src":"https:\/\/i0.wp.com\/www.emmanuelastier.com\/wp-content\/uploads\/2024\/11\/image.png?fit=412%2C310&ssl=1&resize=350%2C200","width":350,"height":200},"classes":[]}],"jetpack_likes_enabled":true,"_links":{"self":[{"href":"https:\/\/www.emmanuelastier.com\/index.php\/wp-json\/wp\/v2\/pages\/18574","targetHints":{"allow":["GET"]}}],"collection":[{"href":"https:\/\/www.emmanuelastier.com\/index.php\/wp-json\/wp\/v2\/pages"}],"about":[{"href":"https:\/\/www.emmanuelastier.com\/index.php\/wp-json\/wp\/v2\/types\/page"}],"author":[{"embeddable":true,"href":"https:\/\/www.emmanuelastier.com\/index.php\/wp-json\/wp\/v2\/users\/1"}],"replies":[{"embeddable":true,"href":"https:\/\/www.emmanuelastier.com\/index.php\/wp-json\/wp\/v2\/comments?post=18574"}],"version-history":[{"count":3,"href":"https:\/\/www.emmanuelastier.com\/index.php\/wp-json\/wp\/v2\/pages\/18574\/revisions"}],"predecessor-version":[{"id":18579,"href":"https:\/\/www.emmanuelastier.com\/index.php\/wp-json\/wp\/v2\/pages\/18574\/revisions\/18579"}],"wp:featuredmedia":[{"embeddable":true,"href":"https:\/\/www.emmanuelastier.com\/index.php\/wp-json\/wp\/v2\/media\/18575"}],"wp:attachment":[{"href":"https:\/\/www.emmanuelastier.com\/index.php\/wp-json\/wp\/v2\/media?parent=18574"}],"curies":[{"name":"wp","href":"https:\/\/api.w.org\/{rel}","templated":true}]}}