{"id":19,"date":"2015-07-09T15:32:30","date_gmt":"2015-07-09T15:32:30","guid":{"rendered":"https:\/\/www.emmanuelastier.com\/?page_id=19"},"modified":"2026-03-12T17:57:21","modified_gmt":"2026-03-12T15:57:21","slug":"mes-cabinets-a-tours-et-a-amboise","status":"publish","type":"page","link":"https:\/\/www.emmanuelastier.com\/index.php\/mes-cabinets-a-tours-et-a-amboise\/","title":{"rendered":"Mon Cabinet \u00e0 Tours \/ Saint Pierre des Corps"},"content":{"rendered":"\n<p><strong>Une Nouvelle Organisation au Service de Votre Bien-\u00catre !<\/strong><\/p>\n\n\n\n<p>Apr\u00e8s plus de 30 ans d&rsquo;accompagnement en naturopathie, sophrologie et hypnoth\u00e9rapie, je suis heureux de vous annoncer <strong>l&rsquo;\u00e9volution de mon organisation professionnelle<\/strong>. Cette transformation refl\u00e8te ma volont\u00e9 constante de vous offrir le meilleur accompagnement possible, dans des conditions optimales.<\/p>\n\n\n\n<h2 class=\"wp-block-heading\" id=\"deux-lieux-une-mme-qualit-daccompagnement\">Un nouveau Lieu, Une M\u00eame Qualit\u00e9 d&rsquo;Accompagnement<\/h2>\n\n\n\n<p>D\u00e9sormais, je vous accueille dans <strong>mon nouveau cabinet<\/strong> \u00e0 Tours\/ Saint Pierre des Corps, pens\u00e9 pour r\u00e9pondre \u00e0 vos besoins et faciliter votre d\u00e9marche de bien-\u00eatre dans un lieu pluridisciplinaire :<\/p>\n\n\n\n<h3 class=\"wp-block-heading\" id=\"mon-cabinet-arkopol---tours\"><a href=\"https:\/\/www.google.com\/maps\/place\/Vitasant%C3%A9+Tours\/@47.3818779,0.7301075,17z\/data=!3m1!4b1!4m6!3m5!1s0x47fcd5ca351617b1:0xeac30ea68a5901b0!8m2!3d47.3818779!4d0.7301075!16s%2Fg%2F11qbds4q3k?entry=ttu&amp;g_ep=EgoyMDI2MDIyMy4wIKXMDSoASAFQAw%3D%3D\" target=\"_blank\" rel=\"noreferrer noopener\">Mon Cabinet au Centre Vitasant\u00e9 \u00e0 Tours\/ Saint Pierre des Corps<\/a><\/h3>\n\n\n\n<p><strong>Un lieu pens\u00e9 pour votre confort<\/strong> <strong>et uniquement consacr\u00e9 \u00e0 votre sant\u00e9 !<\/strong><\/p>\n\n\n\n<p>J&rsquo;ai choisi d&rsquo;int\u00e9grer <strong><a href=\"https:\/\/www.google.com\/maps\/place\/Vitasant%C3%A9+Tours\/@47.3818779,0.7301075,17z\/data=!3m1!4b1!4m6!3m5!1s0x47fcd5ca351617b1:0xeac30ea68a5901b0!8m2!3d47.3818779!4d0.7301075!16s%2Fg%2F11qbds4q3k?entry=ttu&amp;g_ep=EgoyMDI2MDIyMy4wIKXMDSoASAFQAw%3D%3D\" target=\"_blank\" rel=\"noreferrer noopener\">Vitasant\u00e9<\/a><\/strong>, espace d\u00e9di\u00e9 <strong>au bien-\u00eatre et \u00e0 la sant\u00e9 naturelle <\/strong>situ\u00e9 \u00e0 <strong>Tours<\/strong>. Ce choix n&rsquo;est pas anodin : il r\u00e9pond directement \u00e0 <strong>vos besoins de praticit\u00e9 et de confort.<\/strong><\/p>\n\n\n\n<p><strong>Les avantages pour vous :<\/strong><\/p>\n\n\n\n<ul class=\"wp-block-list\">\n<li><strong>Parking gratuit<\/strong> : plus de stress li\u00e9 au stationnement, vous arrivez sereinement \u00e0 votre consultation<\/li>\n\n\n\n<li><strong>Horaires \u00e9tendus<\/strong> : acc\u00e8s de 9h00 \u00e0 20h00, du lundi au samedi , pour s&rsquo;adapter \u00e0 vos contraintes personnelles et professionnelles.<\/li>\n\n\n\n<li><strong>Un cadre propice au bien-\u00eatre<\/strong> : un lieu moderne, accueillant et lumineux, sp\u00e9cialement con\u00e7u pour favoriser votre d\u00e9tente et votre \u00e9panouissement.<\/li>\n\n\n\n<li><strong>Accessibilit\u00e9 facilit\u00e9e<\/strong> : situation g\u00e9ographique pratique avec proximit\u00e9 des axes routiers principaux<\/li>\n<\/ul>\n\n\n\n<p><strong>Adresse :<\/strong> <a href=\"https:\/\/www.google.com\/maps\/place\/Vitasant%C3%A9+Tours\/@47.3818779,0.7301075,17z\/data=!3m1!4b1!4m6!3m5!1s0x47fcd5ca351617b1:0xeac30ea68a5901b0!8m2!3d47.3818779!4d0.7301075!16s%2Fg%2F11qbds4q3k?entry=ttu&amp;g_ep=EgoyMDI2MDIyMy4wIKXMDSoASAFQAw%3D%3D\" target=\"_blank\" rel=\"noreferrer noopener\">Vitasant\u00e9 1 rue du 11 Avril 1944 37700 Saint Pierre des Corps \/ Tours<\/a><\/p>\n\n\n\n<h2 class=\"wp-block-heading\" id=\"une-organisation-enrichie-des-services-largis\">Une Organisation Enrichie, Des Services \u00c9largis<\/h2>\n\n\n\n<p>Cette nouvelle configuration n&rsquo;est pas qu&rsquo;une question de lieu : c&rsquo;est une v\u00e9ritable opportunit\u00e9 d&rsquo;enrichir mon accompagnement et de vous proposer davantage, tout en prenant aussi soin de moi ..!<\/p>\n\n\n\n<h3 class=\"wp-block-heading\" id=\"des-formations-et-confrences-accessibles\">Des Formations et Conf\u00e9rences Accessibles uniquement en ligne !<\/h3>\n\n\n\n<p>Gr\u00e2ce \u00e0 cette nouvelle organisation,  je peux d\u00e9sormais organiser en ligne :<\/p>\n\n\n\n<ul class=\"wp-block-list\">\n<li><strong>Des formations th\u00e9matiques<\/strong> : ateliers pratiques sur la gestion du stress, le sommeil, l&rsquo;arr\u00eat du tabac, la confiance en soi, etc.<\/li>\n\n\n\n<li><strong>Des conf\u00e9rences de sensibilisation<\/strong> : pour d\u00e9couvrir les bienfaits de la naturopathie, de l&rsquo;hypnose et de la sophrologie<\/li>\n\n\n\n<li><strong>Des s\u00e9ances de groupe<\/strong> \u00e0 distance ou en pr\u00e9sentiel les samedis \u00e0 <strong><a href=\"https:\/\/www.google.com\/maps\/place\/Vitasant%C3%A9+Tours\/@47.3818779,0.7301075,17z\/data=!3m1!4b1!4m6!3m5!1s0x47fcd5ca351617b1:0xeac30ea68a5901b0!8m2!3d47.3818779!4d0.7301075!16s%2Fg%2F11qbds4q3k?entry=ttu&amp;g_ep=EgoyMDI2MDIyMy4wIKXMDSoASAFQAw%3D%3D\" target=\"_blank\" rel=\"noreferrer noopener\">Vitasant\u00e9 <\/a><\/strong>: pour cr\u00e9er une dynamique collective et partager des exp\u00e9riences entre participants<\/li>\n<\/ul>\n\n\n\n<p>Ces \u00e9v\u00e9nements vous permettront d&rsquo;approfondir votre d\u00e9marche de bien-\u00eatre dans un cadre convivial et p\u00e9dagogique.<\/p>\n\n\n\n<p><\/p>\n\n\n\n<h2 class=\"wp-block-heading\" id=\"une-continuit-dans-la-qualit\">Une Continuit\u00e9 dans la Qualit\u00e9<\/h2>\n\n\n\n<p>Cette \u00e9volution organisationnelle ne change rien \u00e0 l&rsquo;essentiel : <strong>mon engagement \u00e0 vos c\u00f4t\u00e9s<\/strong>.<\/p>\n\n\n\n<p>Vous retrouverez toujours :<\/p>\n\n\n\n<ul class=\"wp-block-list\">\n<li>La m\u00eame <strong>\u00e9coute bienveillante<\/strong> et personnalis\u00e9e<\/li>\n\n\n\n<li>La m\u00eame <strong>expertise<\/strong> issue de plus de 30 ans de pratique<\/li>\n\n\n\n<li>La m\u00eame <strong>approche globale<\/strong> int\u00e9grant naturopathie, hypnose, sophrologie et th\u00e9rapies \u00e9nerg\u00e9tiques<\/li>\n\n\n\n<li>La m\u00eame <strong>collaboration<\/strong> avec le corps m\u00e9dical pour un accompagnement responsable<\/li>\n<\/ul>\n\n\n\n<p>Que ce soit \u00e0 <strong><a href=\"https:\/\/www.google.com\/maps\/place\/Vitasant%C3%A9+Tours\/@47.3818779,0.7301075,17z\/data=!3m1!4b1!4m6!3m5!1s0x47fcd5ca351617b1:0xeac30ea68a5901b0!8m2!3d47.3818779!4d0.7301075!16s%2Fg%2F11qbds4q3k?entry=ttu&amp;g_ep=EgoyMDI2MDIyMy4wIKXMDSoASAFQAw%3D%3D\" target=\"_blank\" rel=\"noreferrer noopener\">Vitasant\u00e9<\/a><\/strong> ou \u00e0 distance,  chaque consultation reste un moment privil\u00e9gi\u00e9, con\u00e7u pour vous permettre d&rsquo;avancer sereinement vers vos objectifs de bien-\u00eatre.<\/p>\n\n\n\n<h2 class=\"wp-block-heading\" id=\"les-consultations-distance-toujours-disponibles\"><a href=\"https:\/\/calendly.com\/emmanuelastier-naturopathe-hypnotherapeute\" target=\"_blank\" rel=\"noreferrer noopener\">Les Consultations \u00e0 Distance Toujours Disponibles<\/a><\/h2>\n\n\n\n<p>Pour ceux qui ne peuvent se d\u00e9placer ou qui pr\u00e9f\u00e8rent la consultation \u00e0 distance, je continue bien s\u00fbr \u00e0 proposer des <strong>s\u00e9ances en visioconf\u00e9rence<\/strong> (WhatsApp, etc.).<\/p>\n\n\n\n<p>Cette flexibilit\u00e9 vous permet de b\u00e9n\u00e9ficier d&rsquo;un accompagnement de qualit\u00e9, o\u00f9 que vous soyez.<\/p>\n\n\n<div class=\"wp-block-image\">\n<figure class=\"aligncenter size-full is-resized\"><img data-recalc-dims=\"1\" loading=\"lazy\" decoding=\"async\" width=\"700\" height=\"1050\" data-attachment-id=\"26153\" data-permalink=\"https:\/\/www.emmanuelastier.com\/vitasante-1-rue-du-11-avril-1944-37700-spdc\/\" data-orig-file=\"https:\/\/i0.wp.com\/www.emmanuelastier.com\/wp-content\/uploads\/2026\/03\/vitasante-1-edited-scaled.jpg?fit=1707%2C2560&amp;ssl=1\" data-orig-size=\"1707,2560\" data-comments-opened=\"1\" data-image-meta=\"{&quot;aperture&quot;:&quot;2&quot;,&quot;credit&quot;:&quot;&quot;,&quot;camera&quot;:&quot;DNY-NX9&quot;,&quot;caption&quot;:&quot;&quot;,&quot;created_timestamp&quot;:&quot;1772457784&quot;,&quot;copyright&quot;:&quot;&quot;,&quot;focal_length&quot;:&quot;3.09&quot;,&quot;iso&quot;:&quot;50&quot;,&quot;shutter_speed&quot;:&quot;0.02&quot;,&quot;title&quot;:&quot;&quot;,&quot;orientation&quot;:&quot;0&quot;}\" data-image-title=\"vitasant\u00e9 1 rue du 11 Avril 1944 37700 SPDC\" data-image-description=\"&lt;p&gt;cabinet Vitasant\u00e9 Tours \/ SPDC Emmanuel Astier&lt;\/p&gt;\n\" data-image-caption=\"\" data-large-file=\"https:\/\/i0.wp.com\/www.emmanuelastier.com\/wp-content\/uploads\/2026\/03\/vitasante-1-edited-scaled.jpg?fit=683%2C1024&amp;ssl=1\" src=\"https:\/\/i0.wp.com\/www.emmanuelastier.com\/wp-content\/uploads\/2026\/03\/vitasante-1-edited-scaled.jpg?resize=700%2C1050&#038;ssl=1\" alt=\"cabinet Vitasant\u00e9 Tours \/ SPDC Emmanuel Astier\" class=\"wp-image-26153\" style=\"aspect-ratio:0.6667989680492161;width:409px;height:auto\" srcset=\"https:\/\/i0.wp.com\/www.emmanuelastier.com\/wp-content\/uploads\/2026\/03\/vitasante-1-edited-scaled.jpg?w=1707&amp;ssl=1 1707w, https:\/\/i0.wp.com\/www.emmanuelastier.com\/wp-content\/uploads\/2026\/03\/vitasante-1-edited-scaled.jpg?resize=200%2C300&amp;ssl=1 200w, https:\/\/i0.wp.com\/www.emmanuelastier.com\/wp-content\/uploads\/2026\/03\/vitasante-1-edited-scaled.jpg?resize=683%2C1024&amp;ssl=1 683w, https:\/\/i0.wp.com\/www.emmanuelastier.com\/wp-content\/uploads\/2026\/03\/vitasante-1-edited-scaled.jpg?resize=768%2C1152&amp;ssl=1 768w, https:\/\/i0.wp.com\/www.emmanuelastier.com\/wp-content\/uploads\/2026\/03\/vitasante-1-edited-scaled.jpg?resize=1024%2C1536&amp;ssl=1 1024w, https:\/\/i0.wp.com\/www.emmanuelastier.com\/wp-content\/uploads\/2026\/03\/vitasante-1-edited-scaled.jpg?resize=1366%2C2048&amp;ssl=1 1366w, https:\/\/i0.wp.com\/www.emmanuelastier.com\/wp-content\/uploads\/2026\/03\/vitasante-1-edited-scaled.jpg?resize=300%2C450&amp;ssl=1 300w, https:\/\/i0.wp.com\/www.emmanuelastier.com\/wp-content\/uploads\/2026\/03\/vitasante-1-edited-scaled.jpg?resize=600%2C900&amp;ssl=1 600w\" sizes=\"auto, (max-width: 700px) 100vw, 700px\" \/><\/figure>\n<\/div>\n\n\n<p><a href=\"https:\/\/www.emmanuelastier.com\/wp-content\/uploads\/2015\/07\/emoticon-point-dint\u00e9rogation.jpg\"> <\/a><\/p>\n\n\n\n<figure class=\"wp-block-image size-large is-resized\"><img data-recalc-dims=\"1\" loading=\"lazy\" decoding=\"async\" width=\"700\" height=\"525\" data-attachment-id=\"26150\" data-permalink=\"https:\/\/www.emmanuelastier.com\/index.php\/mes-cabinets-a-tours-et-a-amboise\/vitasante-2\/\" data-orig-file=\"https:\/\/i0.wp.com\/www.emmanuelastier.com\/wp-content\/uploads\/2026\/03\/vitasante-2-scaled.jpg?fit=2560%2C1920&amp;ssl=1\" data-orig-size=\"2560,1920\" data-comments-opened=\"1\" data-image-meta=\"{&quot;aperture&quot;:&quot;1.9&quot;,&quot;credit&quot;:&quot;&quot;,&quot;camera&quot;:&quot;DNY-NX9&quot;,&quot;caption&quot;:&quot;&quot;,&quot;created_timestamp&quot;:&quot;1772457590&quot;,&quot;copyright&quot;:&quot;&quot;,&quot;focal_length&quot;:&quot;6.12&quot;,&quot;iso&quot;:&quot;80&quot;,&quot;shutter_speed&quot;:&quot;0.01&quot;,&quot;title&quot;:&quot;&quot;,&quot;orientation&quot;:&quot;1&quot;}\" data-image-title=\"vitasant\u00e9 2\" data-image-description=\"&lt;p&gt;cabinet Vitasant\u00e9 Tours \/ SPDC Emmanuel Astier 1 rue du 11 Avril 1944 37700 SPDC&lt;\/p&gt;\n\" data-image-caption=\"\" data-large-file=\"https:\/\/i0.wp.com\/www.emmanuelastier.com\/wp-content\/uploads\/2026\/03\/vitasante-2-scaled.jpg?fit=700%2C525&amp;ssl=1\" src=\"https:\/\/i0.wp.com\/www.emmanuelastier.com\/wp-content\/uploads\/2026\/03\/vitasante-2.jpg?resize=700%2C525&#038;ssl=1\" alt=\"cabinet Vitasant\u00e9 Tours \/ SPDC Emmanuel Astier\" class=\"wp-image-26150\" style=\"width:527px;height:auto\" srcset=\"https:\/\/i0.wp.com\/www.emmanuelastier.com\/wp-content\/uploads\/2026\/03\/vitasante-2-scaled.jpg?resize=1024%2C768&amp;ssl=1 1024w, https:\/\/i0.wp.com\/www.emmanuelastier.com\/wp-content\/uploads\/2026\/03\/vitasante-2-scaled.jpg?resize=300%2C225&amp;ssl=1 300w, https:\/\/i0.wp.com\/www.emmanuelastier.com\/wp-content\/uploads\/2026\/03\/vitasante-2-scaled.jpg?resize=768%2C576&amp;ssl=1 768w, https:\/\/i0.wp.com\/www.emmanuelastier.com\/wp-content\/uploads\/2026\/03\/vitasante-2-scaled.jpg?resize=1536%2C1152&amp;ssl=1 1536w, https:\/\/i0.wp.com\/www.emmanuelastier.com\/wp-content\/uploads\/2026\/03\/vitasante-2-scaled.jpg?resize=2048%2C1536&amp;ssl=1 2048w, https:\/\/i0.wp.com\/www.emmanuelastier.com\/wp-content\/uploads\/2026\/03\/vitasante-2-scaled.jpg?resize=600%2C450&amp;ssl=1 600w, https:\/\/i0.wp.com\/www.emmanuelastier.com\/wp-content\/uploads\/2026\/03\/vitasante-2-scaled.jpg?w=1400&amp;ssl=1 1400w, https:\/\/i0.wp.com\/www.emmanuelastier.com\/wp-content\/uploads\/2026\/03\/vitasante-2-scaled.jpg?w=2100&amp;ssl=1 2100w\" sizes=\"auto, (max-width: 700px) 100vw, 700px\" \/><\/figure>\n\n\n\n<p><strong>En cas d&rsquo;annulation d&rsquo;une s\u00e9ance moins de 48h00 \u00e0 l&rsquo;avance ou en cas de non pr\u00e9sentation au rendez vous , le montant de la s\u00e9ance reste exigible et due&#8230; !<\/strong><\/p>\n\n\n\n<p><\/p>\n\n\n\n<p><strong>Aujourd&rsquo;hui ma client\u00e8le est autant pr\u00e9sente dans les d\u00e9partements de la r\u00e9gion Centre , qu&rsquo;\u00e0 Paris, Bordeaux, mais aussi \u00e0 !&rsquo;\u00e9tranger en Allemagne, \u00e0 Duba\u00ef et au Royaume Uni (Londres et Edimbourg) <\/strong>!<\/p>\n\n\n\n<p><strong><a href=\"https:\/\/calendly.com\/emmanuelastier-naturopathe-hypnotherapeute\" target=\"_blank\" rel=\"noreferrer noopener\">Les rendez vous peuvent avoir lieu en fran\u00e7ais ou en anglais<\/a><\/strong> .<\/p>\n\n\n\n<p>Pour tout renseignements , n&rsquo;h\u00e9sitez pas \u00e0 me contacter directement au 0630534875 ou en utilisant le formulaire de contact ci-dessous.<\/p>\n\n\n\n<p><\/p>\n\n\n\n<div class=\"wp-block-contact-form-7-contact-form-selector\">\n<div class=\"wpcf7 no-js\" id=\"wpcf7-f12236-o1\" lang=\"fr-FR\" dir=\"ltr\" data-wpcf7-id=\"12236\">\n<div class=\"screen-reader-response\"><p role=\"status\" aria-live=\"polite\" aria-atomic=\"true\"><\/p> <ul><\/ul><\/div>\n<form action=\"\/index.php\/wp-json\/wp\/v2\/pages\/19#wpcf7-f12236-o1\" method=\"post\" class=\"wpcf7-form init\" aria-label=\"Formulaire de contact\" novalidate=\"novalidate\" data-status=\"init\">\n<fieldset class=\"hidden-fields-container\"><input type=\"hidden\" name=\"_wpcf7\" value=\"12236\" \/><input type=\"hidden\" name=\"_wpcf7_version\" value=\"6.1.5\" \/><input type=\"hidden\" name=\"_wpcf7_locale\" value=\"fr_FR\" \/><input type=\"hidden\" name=\"_wpcf7_unit_tag\" value=\"wpcf7-f12236-o1\" \/><input type=\"hidden\" name=\"_wpcf7_container_post\" value=\"0\" \/><input type=\"hidden\" name=\"_wpcf7_posted_data_hash\" value=\"\" \/><input type=\"hidden\" name=\"_wpcf7_recaptcha_response\" value=\"\" \/>\n<\/fieldset>\n<p><label> Votre nom (obligatoire)<br \/>\n<span class=\"wpcf7-form-control-wrap\" data-name=\"your-name\"><input size=\"40\" maxlength=\"400\" class=\"wpcf7-form-control wpcf7-text wpcf7-validates-as-required\" aria-required=\"true\" aria-invalid=\"false\" value=\"\" type=\"text\" name=\"your-name\" \/><\/span> <\/label>\n<\/p>\n<p><label> Votre adresse de messagerie (obligatoire)<br \/>\n<span class=\"wpcf7-form-control-wrap\" data-name=\"your-email\"><input size=\"40\" maxlength=\"400\" class=\"wpcf7-form-control wpcf7-email wpcf7-validates-as-required wpcf7-text wpcf7-validates-as-email\" aria-required=\"true\" aria-invalid=\"false\" value=\"\" type=\"email\" name=\"your-email\" \/><\/span> <\/label>\n<\/p>\n<p><label> Objet<br \/>\n<span class=\"wpcf7-form-control-wrap\" data-name=\"your-subject\"><input size=\"40\" maxlength=\"400\" class=\"wpcf7-form-control wpcf7-text\" aria-invalid=\"false\" value=\"\" type=\"text\" name=\"your-subject\" \/><\/span> <\/label>\n<\/p>\n<p><label> Votre message<br \/>\n<span class=\"wpcf7-form-control-wrap\" data-name=\"your-message\"><textarea cols=\"40\" rows=\"10\" maxlength=\"2000\" class=\"wpcf7-form-control wpcf7-textarea\" aria-invalid=\"false\" name=\"your-message\"><\/textarea><\/span> <\/label>\n<\/p>\n<p><span class=\"wpcf7-form-control-wrap\" data-name=\"Mercidecocherlacasesivousacceptezdevousinscrire\"><span class=\"wpcf7-form-control wpcf7-checkbox wpcf7-validates-as-required\"><\/span><\/span>\n<\/p>\n<p><span class=\"wpcf7-form-control-wrap\" data-name=\"acceptance-345\"><span class=\"wpcf7-form-control wpcf7-acceptance\"><span class=\"wpcf7-list-item\"><label><input type=\"checkbox\" name=\"acceptance-345\" value=\"1\" checked=\"checked\" aria-invalid=\"false\" \/><span class=\"wpcf7-list-item-label\">Merci de cocher cette case pour \u00eatre en conformit\u00e9 avec la l\u00e9gislation RGPD<\/span><\/label><\/span><\/span><\/span>\n<\/p>\n\n<p><input class=\"wpcf7-form-control wpcf7-submit has-spinner\" type=\"submit\" value=\"Envoyer\" \/>\n<\/p><p style=\"display: none !important;\" class=\"akismet-fields-container\" data-prefix=\"_wpcf7_ak_\"><label>&#916;<textarea name=\"_wpcf7_ak_hp_textarea\" cols=\"45\" rows=\"8\" maxlength=\"100\"><\/textarea><\/label><input type=\"hidden\" id=\"ak_js_1\" name=\"_wpcf7_ak_js\" value=\"111\"\/><script type=\"text\/javascript\">\n\/* <![CDATA[ *\/\ndocument.getElementById( \"ak_js_1\" ).setAttribute( \"value\", ( new Date() ).getTime() );\n\/* ]]> *\/\n<\/script>\n<\/p><div class=\"wpcf7-response-output\" aria-hidden=\"true\"><\/div>\n<\/form>\n<\/div>\n<\/div>\n","protected":false},"excerpt":{"rendered":"<p>Une Nouvelle Organisation au Service de Votre Bien-\u00catre ! Apr\u00e8s plus de 30 ans d&rsquo;accompagnement en naturopathie, sophrologie et hypnoth\u00e9rapie, je suis heureux de vous annoncer l&rsquo;\u00e9volution de mon organisation professionnelle. Cette transformation refl\u00e8te ma volont\u00e9 constante de vous offrir&hellip; <\/p>\n","protected":false},"author":1,"featured_media":26054,"parent":0,"menu_order":0,"comment_status":"open","ping_status":"open","template":"","meta":{"_uag_custom_page_level_css":"","_mbp_gutenberg_autopost":false,"jetpack_post_was_ever_published":false,"footnotes":""},"class_list":["post-19","page","type-page","status-publish","has-post-thumbnail","hentry"],"uagb_featured_image_src":{"full":["https:\/\/i0.wp.com\/www.emmanuelastier.com\/wp-content\/uploads\/2025\/12\/panorama_cabinets_astier-scaled.jpg?fit=2560%2C1429&ssl=1",2560,1429,false],"thumbnail":["https:\/\/i0.wp.com\/www.emmanuelastier.com\/wp-content\/uploads\/2025\/12\/panorama_cabinets_astier-scaled.jpg?resize=150%2C150&ssl=1",150,150,true],"medium":["https:\/\/i0.wp.com\/www.emmanuelastier.com\/wp-content\/uploads\/2025\/12\/panorama_cabinets_astier-scaled.jpg?fit=300%2C167&ssl=1",300,167,true],"medium_large":["https:\/\/i0.wp.com\/www.emmanuelastier.com\/wp-content\/uploads\/2025\/12\/panorama_cabinets_astier-scaled.jpg?fit=700%2C391&ssl=1",700,391,true],"large":["https:\/\/i0.wp.com\/www.emmanuelastier.com\/wp-content\/uploads\/2025\/12\/panorama_cabinets_astier-scaled.jpg?fit=700%2C391&ssl=1",700,391,true],"1536x1536":["https:\/\/i0.wp.com\/www.emmanuelastier.com\/wp-content\/uploads\/2025\/12\/panorama_cabinets_astier-scaled.jpg?fit=1536%2C857&ssl=1",1536,857,true],"2048x2048":["https:\/\/i0.wp.com\/www.emmanuelastier.com\/wp-content\/uploads\/2025\/12\/panorama_cabinets_astier-scaled.jpg?fit=2048%2C1143&ssl=1",2048,1143,true],"pgmb-post-image":["https:\/\/i0.wp.com\/www.emmanuelastier.com\/wp-content\/uploads\/2025\/12\/panorama_cabinets_astier-scaled.jpg?resize=1200%2C667&ssl=1",1200,667,true],"travelify-featured":["https:\/\/i0.wp.com\/www.emmanuelastier.com\/wp-content\/uploads\/2025\/12\/panorama_cabinets_astier-scaled.jpg?resize=670%2C300&ssl=1",670,300,true],"travelify-featured-medium":["https:\/\/i0.wp.com\/www.emmanuelastier.com\/wp-content\/uploads\/2025\/12\/panorama_cabinets_astier-scaled.jpg?resize=230%2C230&ssl=1",230,230,true],"travelify-slider":["https:\/\/i0.wp.com\/www.emmanuelastier.com\/wp-content\/uploads\/2025\/12\/panorama_cabinets_astier-scaled.jpg?resize=1018%2C460&ssl=1",1018,460,true],"travelify-gallery":["https:\/\/i0.wp.com\/www.emmanuelastier.com\/wp-content\/uploads\/2025\/12\/panorama_cabinets_astier-scaled.jpg?resize=474%2C342&ssl=1",474,342,true],"woocommerce_thumbnail":["https:\/\/i0.wp.com\/www.emmanuelastier.com\/wp-content\/uploads\/2025\/12\/panorama_cabinets_astier-scaled.jpg?fit=300%2C167&ssl=1",300,167,true],"woocommerce_single":["https:\/\/i0.wp.com\/www.emmanuelastier.com\/wp-content\/uploads\/2025\/12\/panorama_cabinets_astier-scaled.jpg?fit=600%2C335&ssl=1",600,335,true],"woocommerce_gallery_thumbnail":["https:\/\/i0.wp.com\/www.emmanuelastier.com\/wp-content\/uploads\/2025\/12\/panorama_cabinets_astier-scaled.jpg?resize=100%2C100&ssl=1",100,100,true]},"uagb_author_info":{"display_name":"emmanuelastier37","author_link":"https:\/\/www.emmanuelastier.com\/index.php\/author\/emmanuelastier37\/"},"uagb_comment_info":0,"uagb_excerpt":"Une Nouvelle Organisation au Service de Votre Bien-\u00catre ! Apr\u00e8s plus de 30 ans d&rsquo;accompagnement en naturopathie, sophrologie et hypnoth\u00e9rapie, je suis heureux de vous annoncer l&rsquo;\u00e9volution de mon organisation professionnelle. Cette transformation refl\u00e8te ma volont\u00e9 constante de vous offrir&hellip;","jetpack_sharing_enabled":true,"jetpack_shortlink":"https:\/\/wp.me\/P6uLbm-j","jetpack-related-posts":[{"id":26120,"url":"https:\/\/www.emmanuelastier.com\/index.php\/motifs-de-consultation-accompagnement-global-du-bien-etre-a-tours-et-amboise\/","url_meta":{"origin":19,"position":0},"title":"Motifs de consultation \u2013 Accompagnement global du bien-\u00eatre \u00e0 Tours et Amboise","author":"emmanuelastier37","date":"29 janvier 2026","format":false,"excerpt":"Vous souhaitez retrouver plus de calme, de vitalit\u00e9 ou de clart\u00e9 int\u00e9rieure ?Avec plus de 30 ans d\u2019exp\u00e9rience en naturopathie, sophrologie, hypnose et accompagnement \u00e9nerg\u00e9tique, je vous propose des s\u00e9ances personnalis\u00e9es \u00e0 Tours, Amboise ou \u00e0 distance pour vous aider \u00e0 : apaiser le stress et la surcharge mentale, retrouver\u2026","rel":"","context":"Article similaire","block_context":{"text":"Article similaire","link":""},"img":{"alt_text":"nouveau cabinet \u00e0 Tours","src":"https:\/\/i0.wp.com\/www.emmanuelastier.com\/wp-content\/uploads\/2025\/12\/panorama_cabinets_astier-1024x572.jpg?resize=350%2C200&ssl=1","width":350,"height":200},"classes":[]},{"id":25619,"url":"https:\/\/www.emmanuelastier.com\/index.php\/prendre-rdv\/","url_meta":{"origin":19,"position":1},"title":"Prendre Rdv \u00e0 TOURS","author":"emmanuelastier37","date":"4 mars 2025","format":false,"excerpt":"N'h\u00e9sitez pas \u00e0 prendre rdv en pr\u00e9sentiel \u00e0 TOURS ci dessous: Rdv \u00e0 Saint Pierre des Corps \/ Tours En distantiel par l'interm\u00e9diaire de mon agenda calendly \u00e0 droite de l'\u00e9cran ... ou contactez moi au 0630534875 ou \u00e0 emmanuelastier37@gmail.com Les s\u00e9ances durent en moyenne entre une heure et une\u2026","rel":"","context":"Article similaire","block_context":{"text":"Article similaire","link":""},"img":{"alt_text":"","src":"https:\/\/i0.wp.com\/www.emmanuelastier.com\/wp-content\/uploads\/2021\/06\/Nature-et-technologie.jpg?fit=1200%2C960&ssl=1&resize=350%2C200","width":350,"height":200,"srcset":"https:\/\/i0.wp.com\/www.emmanuelastier.com\/wp-content\/uploads\/2021\/06\/Nature-et-technologie.jpg?fit=1200%2C960&ssl=1&resize=350%2C200 1x, https:\/\/i0.wp.com\/www.emmanuelastier.com\/wp-content\/uploads\/2021\/06\/Nature-et-technologie.jpg?fit=1200%2C960&ssl=1&resize=525%2C300 1.5x, https:\/\/i0.wp.com\/www.emmanuelastier.com\/wp-content\/uploads\/2021\/06\/Nature-et-technologie.jpg?fit=1200%2C960&ssl=1&resize=700%2C400 2x, https:\/\/i0.wp.com\/www.emmanuelastier.com\/wp-content\/uploads\/2021\/06\/Nature-et-technologie.jpg?fit=1200%2C960&ssl=1&resize=1050%2C600 3x"},"classes":[]},{"id":19529,"url":"https:\/\/www.emmanuelastier.com\/index.php\/preparation-mentale-et-optimisation-de-performance\/","url_meta":{"origin":19,"position":2},"title":"Ateliers Transformation Positive \u00e0 Tours !","author":"emmanuelastier37","date":"14 novembre 2020","format":false,"excerpt":"Transformation Corps - Esprit ! Un samedi par mois \u00e0 Tours, vivez une exp\u00e9rience de transformation unique. Alliez nutrition, clart\u00e9 mentale et \u00e9veil spirituel pour r\u00e9ussir votre nouvelle vie. Les Journ\u00e9es de la Transformation Positive 2026 : Un Voyage Alchimique \u00e0 Tours Un samedi par mois, offrez-vous une parenth\u00e8se de\u2026","rel":"","context":"Article similaire","block_context":{"text":"Article similaire","link":""},"img":{"alt_text":"","src":"https:\/\/i0.wp.com\/www.emmanuelastier.com\/wp-content\/uploads\/2015\/07\/gif-marcheur_-_Copie.gif?resize=350%2C200&ssl=1","width":350,"height":200},"classes":[]},{"id":25555,"url":"https:\/\/www.emmanuelastier.com\/","url_meta":{"origin":19,"position":3},"title":"Bienvenue sur le site de Emmanuel Astier Naturopathe , Sophrologue , Hypnoth\u00e9rapeute","author":"emmanuelastier37","date":"16 janvier 2025","format":false,"excerpt":"Avec plus de 30 ans d'exp\u00e9rience en naturopathie, hypnoth\u00e9rapie et sophrologie, Emmanuel Astier est un praticien reconnu pour son approche globale et personnalis\u00e9e de votre bien-\u00eatre. Pr\u00e9sent sur rendez-vous \u00e0 TOURS \/ Saint Pierre des Corps , au centre Vitasant\u00e9 1 rue du 11Avril 1944 ... Emmanuel accompagne des personnes\u2026","rel":"","context":"Article similaire","block_context":{"text":"Article similaire","link":""},"img":{"alt_text":"","src":"https:\/\/i0.wp.com\/www.emmanuelastier.com\/wp-content\/uploads\/2015\/07\/cropped-Bannie%CC%80re-site-emmanuelastier-WP.jpg?fit=1200%2C294&ssl=1&resize=350%2C200","width":350,"height":200,"srcset":"https:\/\/i0.wp.com\/www.emmanuelastier.com\/wp-content\/uploads\/2015\/07\/cropped-Bannie%CC%80re-site-emmanuelastier-WP.jpg?fit=1200%2C294&ssl=1&resize=350%2C200 1x, https:\/\/i0.wp.com\/www.emmanuelastier.com\/wp-content\/uploads\/2015\/07\/cropped-Bannie%CC%80re-site-emmanuelastier-WP.jpg?fit=1200%2C294&ssl=1&resize=525%2C300 1.5x, https:\/\/i0.wp.com\/www.emmanuelastier.com\/wp-content\/uploads\/2015\/07\/cropped-Bannie%CC%80re-site-emmanuelastier-WP.jpg?fit=1200%2C294&ssl=1&resize=700%2C400 2x, https:\/\/i0.wp.com\/www.emmanuelastier.com\/wp-content\/uploads\/2015\/07\/cropped-Bannie%CC%80re-site-emmanuelastier-WP.jpg?fit=1200%2C294&ssl=1&resize=1050%2C600 3x"},"classes":[]},{"id":20241,"url":"https:\/\/www.emmanuelastier.com\/index.php\/formations-et-evenements\/","url_meta":{"origin":19,"position":4},"title":"Stages &#038; Formations","author":"emmanuelastier37","date":"12 d\u00e9cembre 2023","format":false,"excerpt":"Les Stages , Ateliers et Formations ont maintenant lieu sous l'\u00e9gide de l'Association L'Art des 6 Sens ! Afin de faciliter les op\u00e9rations caritatives que nous souhaitons mettre en place au fil du temps. L'Association \u00e0 son si\u00e8ge social au 21 rue de La Morinerie \u00e0 Saint Pierre des Corps\u2026","rel":"","context":"Article similaire","block_context":{"text":"Article similaire","link":""},"img":{"alt_text":"","src":"https:\/\/i0.wp.com\/www.emmanuelastier.com\/wp-content\/uploads\/2019\/07\/stock-photo-speaker-giving-a-talk-at-business-meeting-audience-in-the-conference-hall-business-and-281107127.jpg?fit=450%2C320&ssl=1&resize=350%2C200","width":350,"height":200},"classes":[]},{"id":20079,"url":"https:\/\/www.emmanuelastier.com\/index.php\/sante-naturelle-integrative\/byonalis-loutil-de-test-a-distance-gratuit\/","url_meta":{"origin":19,"position":5},"title":"Byonalis , l&rsquo;outil de test \u00e0 distance &#8230; gratuit !","author":"emmanuelastier37","date":"31 janvier 2023","format":false,"excerpt":"Bienvenue sur la plateforme BIONALYS\u00ae. BIONALYS\u00ae, un outil complet et sur mesure permettant de d\u00e9terminer votre profil bionutritionnel. BIONALYS\u00ae est une plateforme num\u00e9rique personnalis\u00e9e, facile d\u2019utilisation et accessible 7j\/7, 24h\/24. Cet outil me permet: D\u2019analyser votre profil via un questionnaire complet. D\u2019identifier facilement vos terrains dysfonctionnels, carenc\u00e9s ou en exc\u00e8s.\u2026","rel":"","context":"Article similaire","block_context":{"text":"Article similaire","link":""},"img":{"alt_text":"","src":"https:\/\/i0.wp.com\/www.emmanuelastier.com\/wp-content\/uploads\/2023\/01\/Banniere-site-emmanuelastier-WP.jpg?resize=350%2C200&ssl=1","width":350,"height":200,"srcset":"https:\/\/i0.wp.com\/www.emmanuelastier.com\/wp-content\/uploads\/2023\/01\/Banniere-site-emmanuelastier-WP.jpg?resize=350%2C200&ssl=1 1x, https:\/\/i0.wp.com\/www.emmanuelastier.com\/wp-content\/uploads\/2023\/01\/Banniere-site-emmanuelastier-WP.jpg?resize=525%2C300&ssl=1 1.5x, https:\/\/i0.wp.com\/www.emmanuelastier.com\/wp-content\/uploads\/2023\/01\/Banniere-site-emmanuelastier-WP.jpg?resize=700%2C400&ssl=1 2x, https:\/\/i0.wp.com\/www.emmanuelastier.com\/wp-content\/uploads\/2023\/01\/Banniere-site-emmanuelastier-WP.jpg?resize=1050%2C600&ssl=1 3x, https:\/\/i0.wp.com\/www.emmanuelastier.com\/wp-content\/uploads\/2023\/01\/Banniere-site-emmanuelastier-WP.jpg?resize=1400%2C800&ssl=1 4x"},"classes":[]}],"jetpack_likes_enabled":true,"_links":{"self":[{"href":"https:\/\/www.emmanuelastier.com\/index.php\/wp-json\/wp\/v2\/pages\/19","targetHints":{"allow":["GET"]}}],"collection":[{"href":"https:\/\/www.emmanuelastier.com\/index.php\/wp-json\/wp\/v2\/pages"}],"about":[{"href":"https:\/\/www.emmanuelastier.com\/index.php\/wp-json\/wp\/v2\/types\/page"}],"author":[{"embeddable":true,"href":"https:\/\/www.emmanuelastier.com\/index.php\/wp-json\/wp\/v2\/users\/1"}],"replies":[{"embeddable":true,"href":"https:\/\/www.emmanuelastier.com\/index.php\/wp-json\/wp\/v2\/comments?post=19"}],"version-history":[{"count":23,"href":"https:\/\/www.emmanuelastier.com\/index.php\/wp-json\/wp\/v2\/pages\/19\/revisions"}],"predecessor-version":[{"id":26154,"href":"https:\/\/www.emmanuelastier.com\/index.php\/wp-json\/wp\/v2\/pages\/19\/revisions\/26154"}],"wp:featuredmedia":[{"embeddable":true,"href":"https:\/\/www.emmanuelastier.com\/index.php\/wp-json\/wp\/v2\/media\/26054"}],"wp:attachment":[{"href":"https:\/\/www.emmanuelastier.com\/index.php\/wp-json\/wp\/v2\/media?parent=19"}],"curies":[{"name":"wp","href":"https:\/\/api.w.org\/{rel}","templated":true}]}}